{"id":366,"date":"2019-07-05T13:35:28","date_gmt":"2019-07-05T11:35:28","guid":{"rendered":"http:\/\/gerhard-gneist.de\/?page_id=366"},"modified":"2022-07-13T19:39:30","modified_gmt":"2022-07-13T17:39:30","slug":"service-und-lage","status":"publish","type":"page","link":"https:\/\/gerhard-gneist.de\/?page_id=366","title":{"rendered":"Service und Lage"},"content":{"rendered":"<p><strong><span style=\"text-decoration: underline;\">Service:<\/span><\/strong><\/p>\n<p>Fremdsprachen (flie\u00dfend):<\/p>\n<ul>\n<li><strong>Englisch<\/strong>: Zahnarzt Gerhard Gneist und Zahnarzt Dr. Markus Hoffmann<\/li>\n<li><strong>Spanisch<\/strong>: Zahnarzt Dr. Markus Hoffmann<\/li>\n<\/ul>\n<p>F\u00fcr Patienten mit Beeintr\u00e4chtigungen bieten wir sehr gerne folgende Dienste an:<\/p>\n<table>\n<tbody>\n<tr>\n<td><img loading=\"lazy\" decoding=\"async\" class=\"alignleft size-full wp-image-150\" src=\"https:\/\/gerhard-gneist.de\/wp-content\/uploads\/2013\/07\/Hausbesuche.png\" alt=\"\" width=\"71\" height=\"53\" \/><\/td>\n<td>.<br \/>\nHausbesuche<\/td>\n<\/tr>\n<tr>\n<td><img loading=\"lazy\" decoding=\"async\" class=\"alignleft size-full wp-image-151\" src=\"https:\/\/gerhard-gneist.de\/wp-content\/uploads\/2013\/07\/Betreuung-in-Behinderteneinrichtungen.png\" alt=\"\" width=\"71\" height=\"53\" \/><\/td>\n<td>.<br \/>\nBetreuung in Behinderteneinrichtungen<\/td>\n<\/tr>\n<tr>\n<td><img loading=\"lazy\" decoding=\"async\" class=\"alignleft size-full wp-image-152\" src=\"https:\/\/gerhard-gneist.de\/wp-content\/uploads\/2013\/07\/Betreuung-in-Senioreneinrichtungen.png\" alt=\"\" width=\"71\" height=\"53\" \/><\/td>\n<td>.<br \/>\nBetreuung in Senioreneinrichtungen<\/td>\n<\/tr>\n<tr>\n<td><img loading=\"lazy\" decoding=\"async\" class=\"alignleft size-full wp-image-153\" src=\"https:\/\/gerhard-gneist.de\/wp-content\/uploads\/2013\/07\/Behandlung-von-Kindern-mit-Behinderungen.png\" alt=\"\" width=\"71\" height=\"53\" \/><\/td>\n<td>.<br \/>\nBehandlung von Kindern mit Behinderungen<\/td>\n<\/tr>\n<tr>\n<td><img loading=\"lazy\" decoding=\"async\" class=\"alignleft size-full wp-image-154\" src=\"https:\/\/gerhard-gneist.de\/wp-content\/uploads\/2013\/07\/Behandlung-geriatrischer-Patienten.png\" alt=\"\" width=\"71\" height=\"53\" \/><\/td>\n<td>.<br \/>\nBehandlung geriatrischer Patienten<\/td>\n<\/tr>\n<tr>\n<td><img loading=\"lazy\" decoding=\"async\" class=\"alignleft size-full wp-image-155\" src=\"https:\/\/gerhard-gneist.de\/wp-content\/uploads\/2013\/07\/Praxis-ist-unterst\u00fctzend-t\u00e4tig-f\u00fcr-Menschen-mit-Sinnesbeeintr\u00e4chtigungen.png\" alt=\"\" width=\"71\" height=\"53\" \/><\/td>\n<td>.<br \/>\nPraxis ist unterst\u00fctzend t\u00e4tig f\u00fcr Menschen mit Sinnesbeeintr\u00e4chtigungen<\/td>\n<\/tr>\n<\/tbody>\n<\/table>\n<p>Unsere Praxis liegt im Hochparterre und ist daher <strong>leider nicht f\u00fcr Rollst\u00fchle<\/strong> geeignet (3 Stufen im Treppenhaus), was sich baulich auch leider nicht beheben l\u00e4sst.<\/p>\n<p><span style=\"text-decoration: underline;\"><strong>Lage:<\/strong><\/span><\/p>\n<p>Sie k\u00f6nnen unsere Zahnarztpraxis zu Fu\u00df und mit allen Verkehrsmitteln sehr gut erreichen.<\/p>\n<p>Unsere Praxis befindet sich an einem der drei Eing\u00e4nge zum &#8222;Volkspark Wittenau&#8220;, bisher nur im Volksmund, seit 2015 jedoch auch offiziell als &#8222;<a href=\"https:\/\/de.wikipedia.org\/wiki\/Georg_Joachim_G%C3%B6schen\" target=\"_blank\" rel=\"noopener noreferrer\">G\u00f6schenpark<\/a>&#8220; benannt. Der Park wurde 1920 durch den Landschaftsarchitekten Karl L\u00f6wenhagen als Erholungspark angelegt.<\/p>\n<p>Der historische Ortskern von Alt-Wittenau, mit der <a href=\"https:\/\/de.wikipedia.org\/wiki\/Dorfkirche_Wittenau\" target=\"_blank\" rel=\"noopener noreferrer\">Dorfkirche Wittenau<\/a>, liegt in der N\u00e4he, aber ebenso auch die Hermsdorfer Stra\u00dfe und die Oranienburger Stra\u00dfe und nat\u00fcrlich der Eichborndamm.<\/p>\n<p><a href=\"https:\/\/www.google.de\/maps\/place\/Spie%C3%9Fweg+35,+98617+S%C3%BClzfeld\/@50.5232724,10.3500228,17z\/data=!3m1!4b1!4m5!3m4!1s0x47a30b132447c293:0x79f6c5ab225ab38f!8m2!3d50.5232724!4d10.3522115\" target=\"_blank\" rel=\"noopener noreferrer\"><strong>Lageplan<\/strong><\/a><\/p>\n<table border=\"0\">\n<tbody>\n<tr>\n<td><img loading=\"lazy\" decoding=\"async\" class=\"alignnone size-full wp-image-70\" src=\"https:\/\/gerhard-gneist.de\/wp-content\/uploads\/2013\/07\/Sackgasse.jpg\" alt=\"Sackgasse\" width=\"31\" height=\"31\" \/><\/td>\n<td>13437 Berlin-Reinickendorf \/ Wittenau, <a href=\"https:\/\/maps.google.de\/maps?q=Spie%C3%9Fweg+35&amp;ie=UTF8&amp;hnear=Spie%C3%9Fweg+35,+13437+Berlin&amp;t=m&amp;z=16&amp;iwloc=A\" target=\"_blank\" rel=\"noopener noreferrer\"><strong>Spie\u00dfweg 35<\/strong><\/a> (<a href=\"https:\/\/www.google.de\/maps\/dir\/\/Spie%C3%9Fweg+35,+13437+Berlin\/@52.5934461,13.3242149,17z\/data=!4m16!1m7!3m6!1s0x47a853822819eafb:0x1713e2073dd2e2e1!2sSpie%C3%9Fweg+35,+13437+Berlin!3b1!8m2!3d52.5934461!4d13.3264036!4m7!1m0!1m5!1m1!1s0x47a853822819eafb:0x1713e2073dd2e2e1!2m2!1d13.3264036!2d52.5934461\" target=\"_blank\" rel=\"noopener noreferrer\">Routenplaner<\/a>)<br \/>\n(Sackgasse &#8211; Zufahrt \u00fcber Eichborndamm)<\/td>\n<\/tr>\n<\/tbody>\n<\/table>\n<p><strong><span style=\"color: #ffffff;\">.<\/span><br \/>\nFahrrad<br \/>\n<\/strong><\/p>\n<table border=\"0\">\n<tbody>\n<tr>\n<td><img loading=\"lazy\" decoding=\"async\" class=\"alignnone size-full wp-image-69\" src=\"https:\/\/gerhard-gneist.de\/wp-content\/uploads\/2013\/07\/Fahrrad.jpg\" alt=\"Fahrrad\" width=\"47\" height=\"31\" \/><\/td>\n<td>Falls m\u00f6glich, bitten wir Sie mit dem Fahrrad oder dem \u00d6PNV zu kommen.<br \/>\nAuf unserem Grundst\u00fcck steht Ihnen selbstverst\u00e4ndlich ein Fahrradst\u00e4nder zur Verf\u00fcgung.<\/td>\n<\/tr>\n<\/tbody>\n<\/table>\n<p><strong><span style=\"color: #ffffff;\">.<\/span><br \/>\nParkpl\u00e4tze<\/strong><\/p>\n<table border=\"0\">\n<tbody>\n<tr>\n<td><img loading=\"lazy\" decoding=\"async\" class=\"alignnone size-full wp-image-76\" src=\"https:\/\/gerhard-gneist.de\/wp-content\/uploads\/2013\/07\/PKW.jpg\" alt=\"PKW\" width=\"56\" height=\"25\" \/><\/td>\n<td>Unsere Praxis befindet sich in einer Eigenheimsiedlung an einem Eingang zum Volkspark Wittenau\/\u201eG\u00f6schenpark\u201c. Dadurch bestehen auch tags\u00fcber gute Parkm\u00f6glichkeiten.<\/td>\n<\/tr>\n<\/tbody>\n<\/table>\n<p><span style=\"color: #ffffff;\">.<\/span><strong><br \/>\n\u00d6ffentliche Verkehrsmittel<\/strong><\/p>\n<table border=\"0\">\n<tbody>\n<tr>\n<td><img loading=\"lazy\" decoding=\"async\" class=\"size-full wp-image-37 alignnone\" src=\"https:\/\/gerhard-gneist.de\/wp-content\/uploads\/2013\/07\/BUS.jpg\" alt=\"BUS\" width=\"29\" height=\"36\" \/><\/td>\n<td>Linie 124<br \/>\nLinie 221<\/td>\n<td>Haltestellen auf dem Eichborndamm:<br \/>\n&#8222;<a href=\"https:\/\/www.google.de\/maps\/dir\/Wittenau+Kirche+(Berlin),+13437+Berlin\/Spie%C3%9Fweg+35,+13437+Berlin\/@52.5927666,13.3248955,17z\/data=!3m1!4b1!4m14!4m13!1m5!1m1!1s0x47a85383db40a339:0x939d2414903c0c83!2m2!1d13.326416!2d52.591893!1m5!1m1!1s0x47a853822819eafb:0x1713e2073dd2e2e1!2m2!1d13.3264036!2d52.5934461!3e3\" target=\"_blank\" rel=\"noopener noreferrer\">Wittenau Kirche<\/a>&#8220; oder &#8222;<a href=\"https:\/\/www.google.de\/maps\/dir\/Schule+am+Park+(Berlin),+13437+Berlin\/Spie%C3%9Fweg+35,+13437+Berlin\/@52.5937668,13.3270341,18z\/data=!3m1!4b1!4m14!4m13!1m5!1m1!1s0x47a8538265ac8fd3:0xe8b016d0f4f238a9!2m2!1d13.3298529!2d52.594281!1m5!1m1!1s0x47a853822819eafb:0x1713e2073dd2e2e1!2m2!1d13.3264036!2d52.5934461!3e3\" target=\"_blank\" rel=\"noopener noreferrer\">Schule am Park<\/a>&#8222;<\/td>\n<td>.<\/p>\n<p>ca. 5 Minuten Fu\u00dfweg<\/p>\n<p>.<\/td>\n<\/tr>\n<tr>\n<td><img loading=\"lazy\" decoding=\"async\" class=\"size-full wp-image-38 alignnone\" src=\"https:\/\/gerhard-gneist.de\/wp-content\/uploads\/2013\/07\/U-Bahn.jpg\" alt=\"U-Bahn\" width=\"31\" height=\"36\" \/><\/td>\n<td>U 8<\/td>\n<td>Stationen:<br \/>\n&#8222;<a href=\"https:\/\/www.google.de\/maps\/dir\/B-Bhf+Wittenau,+13435+Berlin\/Spie%C3%9Fweg+35,+13437+Berlin\/@52.5945721,13.3292233,17z\/data=!3m1!4b1!4m14!4m13!1m5!1m1!1s0x47a8537819528ee3:0xdd3aa466dda82fa!2m2!1d13.3362957!2d52.5958884!1m5!1m1!1s0x47a853822819eafb:0x1713e2073dd2e2e1!2m2!1d13.3264036!2d52.5934461!3e3\" target=\"_blank\" rel=\"noopener noreferrer\">Wittenau<\/a>&#8220; (Ausgang Eichborndamm)<br \/>\n&#8222;<a href=\"https:\/\/www.google.de\/maps\/dir\/U+Rathaus+Reinickendorf+(Berlin),+13437+Berlin\/Spie%C3%9Fweg+35,+13437+Berlin\/@52.5908986,13.3241991,17z\/data=!3m1!4b1!4m14!4m13!1m5!1m1!1s0x47a853843817980f:0xa27816f709787493!2m2!1d13.325568!2d52.588218!1m5!1m1!1s0x47a853822819eafb:0x1713e2073dd2e2e1!2m2!1d13.3264036!2d52.5934461!3e3\" target=\"_blank\" rel=\"noopener noreferrer\">Rathaus Reinickendorf<\/a>&#8222;<\/td>\n<td>.<\/p>\n<p>ca. 10 Minuten Fu\u00dfweg<\/p>\n<p>.<\/td>\n<\/tr>\n<tr>\n<td><img loading=\"lazy\" decoding=\"async\" class=\"alignnone size-full wp-image-39\" src=\"https:\/\/gerhard-gneist.de\/wp-content\/uploads\/2013\/07\/S-Bahn.jpg\" alt=\"S-Bahn\" width=\"29\" height=\"36\" \/><\/td>\n<td>1 und 85<\/td>\n<td>Bahnhof &#8222;<a href=\"https:\/\/www.google.de\/maps\/dir\/Wittenau+(Wilhelmsruher+Damm),+13435+Berlin\/Spie%C3%9Fweg+35,+13437+Berlin\/@52.5951464,13.3281471,17z\/data=!3m1!4b1!4m14!4m13!1m5!1m1!1s0x47a8537833e5a0d7:0x8db4e6c8a585d45!2m2!1d13.3342679!2d52.597037!1m5!1m1!1s0x47a853822819eafb:0x1713e2073dd2e2e1!2m2!1d13.3264036!2d52.5934461!3e3\" target=\"_blank\" rel=\"noopener noreferrer\">Wittenau<\/a>&#8222;<\/td>\n<td>.<\/p>\n<p>ca. 10 Minuten Fu\u00dfweg<\/p>\n<p>.<\/td>\n<\/tr>\n<tr>\n<td><img loading=\"lazy\" decoding=\"async\" class=\"alignnone size-full wp-image-79\" src=\"https:\/\/gerhard-gneist.de\/wp-content\/uploads\/2013\/07\/Taxi.jpg\" alt=\"Taxi\" width=\"47\" height=\"19\" \/><\/td>\n<td colspan=\"2\">Ein <a href=\"https:\/\/www.google.de\/maps\/dir\/Taxistand+mit+Rufs%C3%A4ule,+Taldorfer+Weg,+13437+Berlin\/Spie%C3%9Fweg+35,+13437+Berlin\/@52.5912243,13.3242322,17z\/data=!3m1!4b1!4m14!4m13!1m5!1m1!1s0x416520142f967701:0xe12c7c429bfe5379!2m2!1d13.3256616!2d52.5892765!1m5!1m1!1s0x47a853822819eafb:0x1713e2073dd2e2e1!2m2!1d13.3264036!2d52.5934461!3e3\" target=\"_blank\" rel=\"noopener noreferrer\">Taxistand mit Rufs\u00e4ule<\/a> (Tel. 030 &#8211; 411 25 56)<br \/>\nbefindet sich am Rathaus Reinickendorf<br \/>\nTaldorfer Weg \/ Eichborndamm<\/td>\n<td>ca. 10 Minuten Fu\u00dfweg<\/td>\n<\/tr>\n<\/tbody>\n<\/table>\n<p>&nbsp;<\/p>\n","protected":false},"excerpt":{"rendered":"<p>Service: Fremdsprachen (flie\u00dfend): Englisch: Zahnarzt Gerhard Gneist und Zahnarzt Dr. Markus Hoffmann Spanisch: Zahnarzt Dr. Markus Hoffmann F\u00fcr Patienten mit Beeintr\u00e4chtigungen bieten wir sehr gerne folgende Dienste an: . Hausbesuche . Betreuung in Behinderteneinrichtungen . Betreuung in Senioreneinrichtungen . Behandlung von Kindern mit Behinderungen . Behandlung geriatrischer Patienten . Praxis ist unterst\u00fctzend t\u00e4tig f\u00fcr Menschen &hellip; <a class=\"read-excerpt\" href=\"https:\/\/gerhard-gneist.de\/?page_id=366\">Weiterlesen <span class=\"meta-nav\">&raquo;<\/span><\/a><\/p>\n","protected":false},"author":1,"featured_media":0,"parent":0,"menu_order":3,"comment_status":"closed","ping_status":"closed","template":"","meta":{"footnotes":""},"class_list":["post-366","page","type-page","status-publish","hentry"],"_links":{"self":[{"href":"https:\/\/gerhard-gneist.de\/index.php?rest_route=\/wp\/v2\/pages\/366","targetHints":{"allow":["GET"]}}],"collection":[{"href":"https:\/\/gerhard-gneist.de\/index.php?rest_route=\/wp\/v2\/pages"}],"about":[{"href":"https:\/\/gerhard-gneist.de\/index.php?rest_route=\/wp\/v2\/types\/page"}],"author":[{"embeddable":true,"href":"https:\/\/gerhard-gneist.de\/index.php?rest_route=\/wp\/v2\/users\/1"}],"replies":[{"embeddable":true,"href":"https:\/\/gerhard-gneist.de\/index.php?rest_route=%2Fwp%2Fv2%2Fcomments&post=366"}],"version-history":[{"count":6,"href":"https:\/\/gerhard-gneist.de\/index.php?rest_route=\/wp\/v2\/pages\/366\/revisions"}],"predecessor-version":[{"id":383,"href":"https:\/\/gerhard-gneist.de\/index.php?rest_route=\/wp\/v2\/pages\/366\/revisions\/383"}],"wp:attachment":[{"href":"https:\/\/gerhard-gneist.de\/index.php?rest_route=%2Fwp%2Fv2%2Fmedia&parent=366"}],"curies":[{"name":"wp","href":"https:\/\/api.w.org\/{rel}","templated":true}]}}